{"id":1987,"date":"2023-02-07T12:00:26","date_gmt":"2023-02-07T11:00:26","guid":{"rendered":"https:\/\/laffinee.fr\/?post_type=product&#038;p=1987"},"modified":"2026-08-27T16:37:37","modified_gmt":"2026-08-27T14:37:37","slug":"boulette-d-avesnes","status":"publish","type":"product","link":"https:\/\/laffinee.fr\/index.php\/produit\/boulette-d-avesnes\/","title":{"rendered":"Boulette d&rsquo;Avesnes"},"content":{"rendered":"<p>La <strong>Boulette d&rsquo;Avesnes<\/strong> prend pour base le plus <strong>iconique<\/strong> des fromages du Nord: <a href=\"https:\/\/laffinee.fr\/index.php\/produit\/maroilles-fermier\/\"><strong>le Maroilles<\/strong><\/a> ! La <strong>p\u00e2te<\/strong> de celui-ci est <strong>retravaill\u00e9e<\/strong>, additionn\u00e9e de <strong>poivre<\/strong> et d&rsquo;<strong>estragon<\/strong>, puis roul\u00e9e dans du <strong>paprika<\/strong> (cette \u00e9tape est optionnelle). Fabriqu\u00e9 par <strong><a href=\"https:\/\/www.facebook.com\/p\/Fromagerie-Lait-2-Fermes-100068386338069\/?locale=fr_FR\">Lait 2 Fermes<\/a><\/strong> \u00e0 Eparcy, la <strong>Boulette d&rsquo;Avesnes<\/strong> pla\u00eet particuli\u00e8rement aux <strong>amateurs de fromages forts<\/strong>. Cet <strong>ovni fromager<\/strong> sera du plus bel effet sur un <a href=\"https:\/\/laffinee.fr\/index.php\/produit\/plateau-fin-de-repas\/\"><strong>plateau de fin de repas.<\/strong><\/a><\/p>\n<p>&nbsp;<\/p>\n<p><strong>Vous pourriez aussi aimer:<\/strong>\u00a0<a href=\"https:\/\/laffinee.fr\/index.php\/produit\/maroilles-leduc-ou-ducornet\/\">Maroilles Leduc ou Ducornet<\/a>,\u00a0<a href=\"https:\/\/laffinee.fr\/index.php\/produit\/vieux-lille\/\">Vieux Lille<\/a>,\u00a0<a href=\"https:\/\/laffinee.fr\/index.php\/produit\/carre-du-vinage\/\">Carr\u00e9 du Vinage<\/a><\/p>\n<p>&nbsp;<\/p>\n<p><strong>Famille:<\/strong>\u00a0Vache, P\u00e2te molle \u00e0 cro\u00fbte lav\u00e9e<\/p>\n<p><strong>Lait:<\/strong> Cru<\/p>\n<p><strong>Provenance:<\/strong> Eparcy (02500), Hauts-de-France<\/p>\n<p><strong>Poids moyen:<\/strong> 180g environ<\/p>\n<p><strong>Mati\u00e8res grasses:<\/strong> 30% environ<\/p>\n<p><strong>Allerg\u00e8nes:\u00a0<\/strong>Lait<\/p>\n<p>&nbsp;<\/p>\n<p>Suivez l\u2019activit\u00e9 du magasin sur\u00a0<strong><a href=\"https:\/\/www.facebook.com\/laffinee?locale=fr_FR\">Facebook<\/a>\u00a0<\/strong>et\u00a0<strong><a href=\"https:\/\/www.instagram.com\/laffineefromagerie\/\">Instagram<\/a><\/strong><\/p>\n","protected":false},"excerpt":{"rendered":"<p>La <strong>Boulette d&rsquo;Avesnes<\/strong> prend pour base le plus <strong>iconique<\/strong> des fromages du Nord: <a href=\"https:\/\/laffinee.fr\/index.php\/produit\/maroilles-fermier\/\"><strong>le Maroilles<\/strong><\/a> ! La <strong>p\u00e2te<\/strong> de celui-ci est <strong>retravaill\u00e9e<\/strong>, additionn\u00e9e de <strong>poivre<\/strong> et d&rsquo;<strong>estragon<\/strong>, puis roul\u00e9e dans du <strong>paprika<\/strong> (cette \u00e9tape est optionnelle). Fabriqu\u00e9 par <strong><a href=\"https:\/\/www.facebook.com\/p\/Fromagerie-Lait-2-Fermes-100068386338069\/?locale=fr_FR\">Lait 2 Fermes<\/a><\/strong> \u00e0 Eparcy, ce fromage pla\u00eet particuli\u00e8rement aux <strong>amateurs de fromages forts<\/strong>. Cet <strong>ovni fromager<\/strong> sera du plus bel effet sur un <a href=\"https:\/\/laffinee.fr\/index.php\/produit\/plateau-fin-de-repas\/\"><strong>plateau de fin de repas.<\/strong><\/a><\/p>\n<p>&nbsp;<\/p>\n<p><strong>Vous pourriez aussi aimer:<\/strong>\u00a0<a href=\"https:\/\/laffinee.fr\/index.php\/produit\/maroilles-leduc-ou-ducornet\/\">Maroilles Leduc ou Ducornet<\/a>,\u00a0<a href=\"https:\/\/laffinee.fr\/index.php\/produit\/vieux-lille\/\">Vieux Lille<\/a>,\u00a0<a href=\"https:\/\/laffinee.fr\/index.php\/produit\/carre-du-vinage\/\">Carr\u00e9 du Vinage<\/a><\/p>\n<p>&nbsp;<\/p>\n<p><strong>Famille:<\/strong>\u00a0Vache, P\u00e2te molle \u00e0 cro\u00fbte lav\u00e9e<\/p>\n<p><strong>Lait:<\/strong> Cru<\/p>\n<p><strong>Provenance:<\/strong> Eparcy (02500), Hauts-de-France<\/p>\n<p><strong>Poids moyen:<\/strong> 180g environ<\/p>\n<p><strong>Mati\u00e8res grasses:<\/strong> 30% environ<\/p>\n<p><strong>Allerg\u00e8nes:\u00a0<\/strong>Lait<\/p>\n<p>&nbsp;<\/p>\n<p>Suivez l\u2019activit\u00e9 du magasin sur\u00a0<strong><a href=\"https:\/\/www.facebook.com\/laffinee?locale=fr_FR\">Facebook<\/a>\u00a0<\/strong>et\u00a0<strong><a href=\"https:\/\/www.instagram.com\/laffineefromagerie\/\">Instagram<\/a><\/strong><\/p>\n","protected":false},"featured_media":2758,"comment_status":"open","ping_status":"closed","template":"","meta":[],"product_brand":[],"product_cat":[66,185,51],"product_tag":[186,151,73,77,95,136],"class_list":["post-1987","product","type-product","status-publish","has-post-thumbnail","product_cat-fromages","product_cat-local","product_cat-vache","product_tag-boulette-davesnes","product_tag-fermier","product_tag-fromage","product_tag-lait-cru","product_tag-local","product_tag-vache","first","instock","taxable","shipping-taxable","purchasable","product-type-simple"],"yoast_head":"<!-- This site is optimized with the Yoast SEO plugin v28.3 - https:\/\/yoast.com\/product\/yoast-seo-wordpress\/ -->\n<title>Boulette d&#039;Avesnes - L&#039;Affin\u00e9e Fromagerie<\/title>\n<meta name=\"description\" content=\"La Boulette d&#039;Avesnes est faite \u00e0 partir de Maroilles. Celui est retravaill\u00e9, agr\u00e9ment\u00e9 de poivre et d&#039;estragon, puis roul\u00e9 dans le paprika.\" \/>\n<meta name=\"robots\" content=\"index, follow, max-snippet:-1, max-image-preview:large, max-video-preview:-1\" \/>\n<link rel=\"canonical\" href=\"https:\/\/laffinee.fr\/index.php\/produit\/boulette-d-avesnes\/\" \/>\n<meta property=\"og:locale\" content=\"fr_FR\" \/>\n<meta property=\"og:type\" content=\"article\" \/>\n<meta property=\"og:title\" content=\"Boulette d&#039;Avesnes - L&#039;Affin\u00e9e Fromagerie\" \/>\n<meta property=\"og:description\" content=\"La Boulette d&#039;Avesnes est faite \u00e0 partir de Maroilles. Celui est retravaill\u00e9, agr\u00e9ment\u00e9 de poivre et d&#039;estragon, puis roul\u00e9 dans le paprika.\" \/>\n<meta property=\"og:url\" content=\"https:\/\/laffinee.fr\/index.php\/produit\/boulette-d-avesnes\/\" \/>\n<meta property=\"og:site_name\" content=\"L&#039;affin\u00e9e\" \/>\n<meta property=\"article:publisher\" content=\"https:\/\/www.facebook.com\/laffinee?locale=fr_FR\" \/>\n<meta property=\"article:modified_time\" content=\"2026-08-27T14:37:37+00:00\" \/>\n<meta property=\"og:image\" content=\"https:\/\/laffinee.fr\/wp-content\/uploads\/2023\/03\/Boulette-dAvesnes.jpg\" \/>\n\t<meta property=\"og:image:width\" content=\"1000\" \/>\n\t<meta property=\"og:image:height\" content=\"667\" \/>\n\t<meta property=\"og:image:type\" content=\"image\/jpeg\" \/>\n<meta name=\"twitter:card\" content=\"summary_large_image\" \/>\n<meta name=\"twitter:label1\" content=\"Dur\u00e9e de lecture estim\u00e9e\" \/>\n\t<meta name=\"twitter:data1\" content=\"1 minute\" \/>\n<script type=\"application\/ld+json\" class=\"yoast-schema-graph\">{\"@context\":\"https:\\\/\\\/schema.org\",\"@graph\":[{\"@type\":\"WebPage\",\"@id\":\"https:\\\/\\\/laffinee.fr\\\/index.php\\\/produit\\\/boulette-d-avesnes\\\/\",\"url\":\"https:\\\/\\\/laffinee.fr\\\/index.php\\\/produit\\\/boulette-d-avesnes\\\/\",\"name\":\"Boulette d'Avesnes - L'Affin\u00e9e Fromagerie\",\"isPartOf\":{\"@id\":\"https:\\\/\\\/laffinee.fr\\\/#website\"},\"primaryImageOfPage\":{\"@id\":\"https:\\\/\\\/laffinee.fr\\\/index.php\\\/produit\\\/boulette-d-avesnes\\\/#primaryimage\"},\"image\":{\"@id\":\"https:\\\/\\\/laffinee.fr\\\/index.php\\\/produit\\\/boulette-d-avesnes\\\/#primaryimage\"},\"thumbnailUrl\":\"https:\\\/\\\/laffinee.fr\\\/wp-content\\\/uploads\\\/2023\\\/03\\\/Boulette-dAvesnes.jpg\",\"datePublished\":\"2023-02-07T11:00:26+00:00\",\"dateModified\":\"2026-08-27T14:37:37+00:00\",\"description\":\"La Boulette d'Avesnes est faite \u00e0 partir de Maroilles. Celui est retravaill\u00e9, agr\u00e9ment\u00e9 de poivre et d'estragon, puis roul\u00e9 dans le paprika.\",\"breadcrumb\":{\"@id\":\"https:\\\/\\\/laffinee.fr\\\/index.php\\\/produit\\\/boulette-d-avesnes\\\/#breadcrumb\"},\"inLanguage\":\"fr-FR\",\"potentialAction\":[{\"@type\":\"ReadAction\",\"target\":[\"https:\\\/\\\/laffinee.fr\\\/index.php\\\/produit\\\/boulette-d-avesnes\\\/\"]}]},{\"@type\":\"ImageObject\",\"inLanguage\":\"fr-FR\",\"@id\":\"https:\\\/\\\/laffinee.fr\\\/index.php\\\/produit\\\/boulette-d-avesnes\\\/#primaryimage\",\"url\":\"https:\\\/\\\/laffinee.fr\\\/wp-content\\\/uploads\\\/2023\\\/03\\\/Boulette-dAvesnes.jpg\",\"contentUrl\":\"https:\\\/\\\/laffinee.fr\\\/wp-content\\\/uploads\\\/2023\\\/03\\\/Boulette-dAvesnes.jpg\",\"width\":1000,\"height\":667,\"caption\":\"Photo de face d'une boulette d'avesnes rouge.\"},{\"@type\":\"BreadcrumbList\",\"@id\":\"https:\\\/\\\/laffinee.fr\\\/index.php\\\/produit\\\/boulette-d-avesnes\\\/#breadcrumb\",\"itemListElement\":[{\"@type\":\"ListItem\",\"position\":1,\"name\":\"Accueil\",\"item\":\"https:\\\/\\\/laffinee.fr\\\/\"},{\"@type\":\"ListItem\",\"position\":2,\"name\":\"Produits\",\"item\":\"https:\\\/\\\/laffinee.fr\\\/index.php\\\/shop\\\/\"},{\"@type\":\"ListItem\",\"position\":3,\"name\":\"Boulette d&rsquo;Avesnes\"}]},{\"@type\":\"WebSite\",\"@id\":\"https:\\\/\\\/laffinee.fr\\\/#website\",\"url\":\"https:\\\/\\\/laffinee.fr\\\/\",\"name\":\"L'affin\u00e9e\",\"description\":\"laffin\u00e9e\",\"publisher\":{\"@id\":\"https:\\\/\\\/laffinee.fr\\\/#organization\"},\"potentialAction\":[{\"@type\":\"SearchAction\",\"target\":{\"@type\":\"EntryPoint\",\"urlTemplate\":\"https:\\\/\\\/laffinee.fr\\\/?s={search_term_string}\"},\"query-input\":{\"@type\":\"PropertyValueSpecification\",\"valueRequired\":true,\"valueName\":\"search_term_string\"}}],\"inLanguage\":\"fr-FR\"},{\"@type\":\"Organization\",\"@id\":\"https:\\\/\\\/laffinee.fr\\\/#organization\",\"name\":\"L'affin\u00e9e\",\"url\":\"https:\\\/\\\/laffinee.fr\\\/\",\"logo\":{\"@type\":\"ImageObject\",\"inLanguage\":\"fr-FR\",\"@id\":\"https:\\\/\\\/laffinee.fr\\\/#\\\/schema\\\/logo\\\/image\\\/\",\"url\":\"https:\\\/\\\/laffinee.fr\\\/wp-content\\\/uploads\\\/2022\\\/12\\\/cropped-Capture-decran-2022-12-29-a-11.41.14.png\",\"contentUrl\":\"https:\\\/\\\/laffinee.fr\\\/wp-content\\\/uploads\\\/2022\\\/12\\\/cropped-Capture-decran-2022-12-29-a-11.41.14.png\",\"width\":1232,\"height\":352,\"caption\":\"L'affin\u00e9e\"},\"image\":{\"@id\":\"https:\\\/\\\/laffinee.fr\\\/#\\\/schema\\\/logo\\\/image\\\/\"},\"sameAs\":[\"https:\\\/\\\/www.facebook.com\\\/laffinee?locale=fr_FR\",\"https:\\\/\\\/www.instagram.com\\\/laffineefromagerie\\\/\"]}]}<\/script>\n<!-- \/ Yoast SEO plugin. -->","yoast_head_json":{"title":"Boulette d'Avesnes - L'Affin\u00e9e Fromagerie","description":"La Boulette d'Avesnes est faite \u00e0 partir de Maroilles. Celui est retravaill\u00e9, agr\u00e9ment\u00e9 de poivre et d'estragon, puis roul\u00e9 dans le paprika.","robots":{"index":"index","follow":"follow","max-snippet":"max-snippet:-1","max-image-preview":"max-image-preview:large","max-video-preview":"max-video-preview:-1"},"canonical":"https:\/\/laffinee.fr\/index.php\/produit\/boulette-d-avesnes\/","og_locale":"fr_FR","og_type":"article","og_title":"Boulette d'Avesnes - L'Affin\u00e9e Fromagerie","og_description":"La Boulette d'Avesnes est faite \u00e0 partir de Maroilles. Celui est retravaill\u00e9, agr\u00e9ment\u00e9 de poivre et d'estragon, puis roul\u00e9 dans le paprika.","og_url":"https:\/\/laffinee.fr\/index.php\/produit\/boulette-d-avesnes\/","og_site_name":"L&#039;affin\u00e9e","article_publisher":"https:\/\/www.facebook.com\/laffinee?locale=fr_FR","article_modified_time":"2026-08-27T14:37:37+00:00","og_image":[{"width":1000,"height":667,"url":"https:\/\/laffinee.fr\/wp-content\/uploads\/2023\/03\/Boulette-dAvesnes.jpg","type":"image\/jpeg"}],"twitter_card":"summary_large_image","twitter_misc":{"Dur\u00e9e de lecture estim\u00e9e":"1 minute"},"schema":{"@context":"https:\/\/schema.org","@graph":[{"@type":"WebPage","@id":"https:\/\/laffinee.fr\/index.php\/produit\/boulette-d-avesnes\/","url":"https:\/\/laffinee.fr\/index.php\/produit\/boulette-d-avesnes\/","name":"Boulette d'Avesnes - L'Affin\u00e9e Fromagerie","isPartOf":{"@id":"https:\/\/laffinee.fr\/#website"},"primaryImageOfPage":{"@id":"https:\/\/laffinee.fr\/index.php\/produit\/boulette-d-avesnes\/#primaryimage"},"image":{"@id":"https:\/\/laffinee.fr\/index.php\/produit\/boulette-d-avesnes\/#primaryimage"},"thumbnailUrl":"https:\/\/laffinee.fr\/wp-content\/uploads\/2023\/03\/Boulette-dAvesnes.jpg","datePublished":"2023-02-07T11:00:26+00:00","dateModified":"2026-08-27T14:37:37+00:00","description":"La Boulette d'Avesnes est faite \u00e0 partir de Maroilles. Celui est retravaill\u00e9, agr\u00e9ment\u00e9 de poivre et d'estragon, puis roul\u00e9 dans le paprika.","breadcrumb":{"@id":"https:\/\/laffinee.fr\/index.php\/produit\/boulette-d-avesnes\/#breadcrumb"},"inLanguage":"fr-FR","potentialAction":[{"@type":"ReadAction","target":["https:\/\/laffinee.fr\/index.php\/produit\/boulette-d-avesnes\/"]}]},{"@type":"ImageObject","inLanguage":"fr-FR","@id":"https:\/\/laffinee.fr\/index.php\/produit\/boulette-d-avesnes\/#primaryimage","url":"https:\/\/laffinee.fr\/wp-content\/uploads\/2023\/03\/Boulette-dAvesnes.jpg","contentUrl":"https:\/\/laffinee.fr\/wp-content\/uploads\/2023\/03\/Boulette-dAvesnes.jpg","width":1000,"height":667,"caption":"Photo de face d'une boulette d'avesnes rouge."},{"@type":"BreadcrumbList","@id":"https:\/\/laffinee.fr\/index.php\/produit\/boulette-d-avesnes\/#breadcrumb","itemListElement":[{"@type":"ListItem","position":1,"name":"Accueil","item":"https:\/\/laffinee.fr\/"},{"@type":"ListItem","position":2,"name":"Produits","item":"https:\/\/laffinee.fr\/index.php\/shop\/"},{"@type":"ListItem","position":3,"name":"Boulette d&rsquo;Avesnes"}]},{"@type":"WebSite","@id":"https:\/\/laffinee.fr\/#website","url":"https:\/\/laffinee.fr\/","name":"L'affin\u00e9e","description":"laffin\u00e9e","publisher":{"@id":"https:\/\/laffinee.fr\/#organization"},"potentialAction":[{"@type":"SearchAction","target":{"@type":"EntryPoint","urlTemplate":"https:\/\/laffinee.fr\/?s={search_term_string}"},"query-input":{"@type":"PropertyValueSpecification","valueRequired":true,"valueName":"search_term_string"}}],"inLanguage":"fr-FR"},{"@type":"Organization","@id":"https:\/\/laffinee.fr\/#organization","name":"L'affin\u00e9e","url":"https:\/\/laffinee.fr\/","logo":{"@type":"ImageObject","inLanguage":"fr-FR","@id":"https:\/\/laffinee.fr\/#\/schema\/logo\/image\/","url":"https:\/\/laffinee.fr\/wp-content\/uploads\/2022\/12\/cropped-Capture-decran-2022-12-29-a-11.41.14.png","contentUrl":"https:\/\/laffinee.fr\/wp-content\/uploads\/2022\/12\/cropped-Capture-decran-2022-12-29-a-11.41.14.png","width":1232,"height":352,"caption":"L'affin\u00e9e"},"image":{"@id":"https:\/\/laffinee.fr\/#\/schema\/logo\/image\/"},"sameAs":["https:\/\/www.facebook.com\/laffinee?locale=fr_FR","https:\/\/www.instagram.com\/laffineefromagerie\/"]}]}},"jetpack_sharing_enabled":true,"_links":{"self":[{"href":"https:\/\/laffinee.fr\/index.php\/wp-json\/wp\/v2\/product\/1987","targetHints":{"allow":["GET"]}}],"collection":[{"href":"https:\/\/laffinee.fr\/index.php\/wp-json\/wp\/v2\/product"}],"about":[{"href":"https:\/\/laffinee.fr\/index.php\/wp-json\/wp\/v2\/types\/product"}],"replies":[{"embeddable":true,"href":"https:\/\/laffinee.fr\/index.php\/wp-json\/wp\/v2\/comments?post=1987"}],"wp:featuredmedia":[{"embeddable":true,"href":"https:\/\/laffinee.fr\/index.php\/wp-json\/wp\/v2\/media\/2758"}],"wp:attachment":[{"href":"https:\/\/laffinee.fr\/index.php\/wp-json\/wp\/v2\/media?parent=1987"}],"wp:term":[{"taxonomy":"product_brand","embeddable":true,"href":"https:\/\/laffinee.fr\/index.php\/wp-json\/wp\/v2\/product_brand?post=1987"},{"taxonomy":"product_cat","embeddable":true,"href":"https:\/\/laffinee.fr\/index.php\/wp-json\/wp\/v2\/product_cat?post=1987"},{"taxonomy":"product_tag","embeddable":true,"href":"https:\/\/laffinee.fr\/index.php\/wp-json\/wp\/v2\/product_tag?post=1987"}],"curies":[{"name":"wp","href":"https:\/\/api.w.org\/{rel}","templated":true}]}}