{"id":1910,"date":"2023-02-07T10:56:56","date_gmt":"2023-02-07T09:56:56","guid":{"rendered":"https:\/\/laffinee.fr\/?post_type=product&#038;p=1910"},"modified":"2026-09-02T11:49:53","modified_gmt":"2026-09-02T09:49:53","slug":"carre-daurillac","status":"publish","type":"product","link":"https:\/\/laffinee.fr\/index.php\/produit\/carre-daurillac\/","title":{"rendered":"Carr\u00e9 d&rsquo;Aurillac"},"content":{"rendered":"<p>Le <strong>Carr\u00e9 d\u2019Aurillac<\/strong> est une v\u00e9ritable \u00ab <strong>surprise<\/strong> \u00bb gustative. Il allie le <strong>moelleux<\/strong> caract\u00e9ristique d\u2019une <strong>p\u00e2te molle<\/strong> au <strong>caract\u00e8re<\/strong> des <strong>fromages persill\u00e9s<\/strong> typiques de la r\u00e9gion. Il sait se faire <strong>discret<\/strong> et <strong>remonter en puissance<\/strong> gr\u00e2ce \u00e0 son <strong>affinage<\/strong> de 15 \u00e0 25 jours en cave. C&rsquo;est le <strong>fromage id\u00e9al<\/strong> si vous souhaitez explorer la famille des <strong>P\u00e2tes Persill\u00e9es<\/strong>. Il est <strong>s\u00fbr de s\u00e9duire<\/strong> sur un <a href=\"https:\/\/laffinee.fr\/index.php\/produit\/plateau-fin-de-repas\/\"><strong>Plateau de fin de repas.<\/strong><\/a><\/p>\n<p>&nbsp;<\/p>\n<p><strong>Vous pourriez aussi aimer:<\/strong> <a href=\"https:\/\/laffinee.fr\/index.php\/produit\/gorgonzola-dolce\/\">Gorgonzola AOP<\/a>, Shropshire, <a href=\"https:\/\/laffinee.fr\/index.php\/produit\/roquefort\/\">Roquefort AOP<\/a><\/p>\n<p>&nbsp;<\/p>\n<p><strong>Famille:<\/strong> Vache, P\u00e2te molle \u00e0 cro\u00fbte fleurie, P\u00e2te Persill\u00e9e<\/p>\n<p><strong>Lait:<\/strong> Pasteuris\u00e9<\/p>\n<p><strong>Provenance:<\/strong> Saint-Flour, Cantal<\/p>\n<p><strong>Mati\u00e8res grasses:<\/strong> 25% environ<\/p>\n<p><strong>Allerg\u00e8nes:\u00a0<\/strong>Lait, Penicilium<\/p>\n<p>&nbsp;<\/p>\n<p>Suivez l\u2019activit\u00e9 du magasin sur\u00a0<strong><a href=\"https:\/\/www.facebook.com\/laffinee?locale=fr_FR\">Facebook<\/a>\u00a0<\/strong>et\u00a0<strong><a href=\"https:\/\/www.instagram.com\/laffineefromagerie\/\">Instagram<\/a><\/strong><\/p>\n","protected":false},"excerpt":{"rendered":"<p>Le <strong>Carr\u00e9 d\u2019Aurillac<\/strong> est une v\u00e9ritable \u00ab <strong>surprise<\/strong> \u00bb gustative. Il allie le <strong>moelleux<\/strong> caract\u00e9ristique d\u2019une <strong>p\u00e2te molle<\/strong> au <strong>caract\u00e8re<\/strong> des <strong>fromages persill\u00e9s<\/strong> typiques de la r\u00e9gion. Il sait se faire <strong>discret<\/strong> et <strong>remonter en puissance<\/strong> gr\u00e2ce \u00e0 son <strong>affinage<\/strong> de 15 \u00e0 25 jours en cave. C&rsquo;est le <strong>fromage id\u00e9al<\/strong> si vous souhaitez explorer la famille des <strong>P\u00e2tes Persill\u00e9es<\/strong>. Il est <strong>s\u00fbr de s\u00e9duire<\/strong> sur un <a href=\"https:\/\/laffinee.fr\/index.php\/produit\/plateau-fin-de-repas\/\"><strong>Plateau de fin de repas.<\/strong><\/a><\/p>\n<p>&nbsp;<\/p>\n<p><strong>Vous pourriez aussi aimer:<\/strong> <a href=\"https:\/\/laffinee.fr\/index.php\/produit\/gorgonzola-dolce\/\">Gorgonzola AOP<\/a>, Shropshire, <a href=\"https:\/\/laffinee.fr\/index.php\/produit\/roquefort\/\">Roquefort AOP<\/a><\/p>\n<p>&nbsp;<\/p>\n<p><strong>Famille:<\/strong> Vache, P\u00e2te molle \u00e0 cro\u00fbte fleurie, P\u00e2te Persill\u00e9e<\/p>\n<p><strong>Lait:<\/strong> Pasteuris\u00e9<\/p>\n<p><strong>Provenance:<\/strong> Saint-Flour, Cantal<\/p>\n<p><strong>Mati\u00e8res grasses:<\/strong> 25% environ<\/p>\n<p><strong>Allerg\u00e8nes:\u00a0<\/strong>Lait, Penicilium<\/p>\n<p>&nbsp;<\/p>\n<p>Suivez l\u2019activit\u00e9 du magasin sur\u00a0<strong><a href=\"https:\/\/www.facebook.com\/laffinee?locale=fr_FR\">Facebook<\/a>\u00a0<\/strong>et\u00a0<strong><a href=\"https:\/\/www.instagram.com\/laffineefromagerie\/\">Instagram<\/a><\/strong><\/p>\n","protected":false},"featured_media":2766,"comment_status":"open","ping_status":"closed","template":"","meta":[],"product_brand":[],"product_cat":[54,66,51],"product_tag":[232,230,233,73,87,76,231,106],"class_list":["post-1910","product","type-product","status-publish","has-post-thumbnail","product_cat-bleu","product_cat-fromages","product_cat-vache","product_tag-auvergne","product_tag-bleu","product_tag-carre-daurillac","product_tag-fromage","product_tag-lait-pasteurise","product_tag-occitanie","product_tag-pate-molle-croute-fleurie","product_tag-pate-persillee","first","instock","taxable","shipping-taxable","purchasable","product-type-variable","has-default-attributes"],"yoast_head":"<!-- This site is optimized with the Yoast SEO plugin v28.4 - https:\/\/yoast.com\/product\/yoast-seo-wordpress\/ -->\n<title>Carr\u00e9 d&#039;Aurillac - L&#039;Affin\u00e9e Fromagerie<\/title>\n<meta name=\"description\" content=\"Le plus doux des bleus ! Un fromage moelleux, un go\u00fbt accessible, une cro\u00fbte fine et fleurie. Produit \u00e0 Saint-Flour, dans le Cantal.\" \/>\n<meta name=\"robots\" content=\"index, follow, max-snippet:-1, max-image-preview:large, max-video-preview:-1\" \/>\n<link rel=\"canonical\" href=\"https:\/\/laffinee.fr\/index.php\/produit\/carre-daurillac\/\" \/>\n<meta property=\"og:locale\" content=\"fr_FR\" \/>\n<meta property=\"og:type\" content=\"article\" \/>\n<meta property=\"og:title\" content=\"Carr\u00e9 d&#039;Aurillac - L&#039;Affin\u00e9e Fromagerie\" \/>\n<meta property=\"og:description\" content=\"Le plus doux des bleus ! Un fromage moelleux, un go\u00fbt accessible, une cro\u00fbte fine et fleurie. Produit \u00e0 Saint-Flour, dans le Cantal.\" \/>\n<meta property=\"og:url\" content=\"https:\/\/laffinee.fr\/index.php\/produit\/carre-daurillac\/\" \/>\n<meta property=\"og:site_name\" content=\"L&#039;affin\u00e9e\" \/>\n<meta property=\"article:publisher\" content=\"https:\/\/www.facebook.com\/laffinee?locale=fr_FR\" \/>\n<meta property=\"article:modified_time\" content=\"2026-09-02T09:49:53+00:00\" \/>\n<meta property=\"og:image\" content=\"https:\/\/laffinee.fr\/wp-content\/uploads\/2023\/03\/Carre-dAurillac.jpg\" \/>\n\t<meta property=\"og:image:width\" content=\"1000\" \/>\n\t<meta property=\"og:image:height\" content=\"667\" \/>\n\t<meta property=\"og:image:type\" content=\"image\/jpeg\" \/>\n<meta name=\"twitter:card\" content=\"summary_large_image\" \/>\n<meta name=\"twitter:label1\" content=\"Dur\u00e9e de lecture estim\u00e9e\" \/>\n\t<meta name=\"twitter:data1\" content=\"1 minute\" \/>\n<script type=\"application\/ld+json\" class=\"yoast-schema-graph\">{\"@context\":\"https:\\\/\\\/schema.org\",\"@graph\":[{\"@type\":\"WebPage\",\"@id\":\"https:\\\/\\\/laffinee.fr\\\/index.php\\\/produit\\\/carre-daurillac\\\/\",\"url\":\"https:\\\/\\\/laffinee.fr\\\/index.php\\\/produit\\\/carre-daurillac\\\/\",\"name\":\"Carr\u00e9 d'Aurillac - L'Affin\u00e9e Fromagerie\",\"isPartOf\":{\"@id\":\"https:\\\/\\\/laffinee.fr\\\/#website\"},\"primaryImageOfPage\":{\"@id\":\"https:\\\/\\\/laffinee.fr\\\/index.php\\\/produit\\\/carre-daurillac\\\/#primaryimage\"},\"image\":{\"@id\":\"https:\\\/\\\/laffinee.fr\\\/index.php\\\/produit\\\/carre-daurillac\\\/#primaryimage\"},\"thumbnailUrl\":\"https:\\\/\\\/laffinee.fr\\\/wp-content\\\/uploads\\\/2023\\\/03\\\/Carre-dAurillac.jpg\",\"datePublished\":\"2023-02-07T09:56:56+00:00\",\"dateModified\":\"2026-09-02T09:49:53+00:00\",\"description\":\"Le plus doux des bleus ! Un fromage moelleux, un go\u00fbt accessible, une cro\u00fbte fine et fleurie. Produit \u00e0 Saint-Flour, dans le Cantal.\",\"breadcrumb\":{\"@id\":\"https:\\\/\\\/laffinee.fr\\\/index.php\\\/produit\\\/carre-daurillac\\\/#breadcrumb\"},\"inLanguage\":\"fr-FR\",\"potentialAction\":[{\"@type\":\"ReadAction\",\"target\":[\"https:\\\/\\\/laffinee.fr\\\/index.php\\\/produit\\\/carre-daurillac\\\/\"]}]},{\"@type\":\"ImageObject\",\"inLanguage\":\"fr-FR\",\"@id\":\"https:\\\/\\\/laffinee.fr\\\/index.php\\\/produit\\\/carre-daurillac\\\/#primaryimage\",\"url\":\"https:\\\/\\\/laffinee.fr\\\/wp-content\\\/uploads\\\/2023\\\/03\\\/Carre-dAurillac.jpg\",\"contentUrl\":\"https:\\\/\\\/laffinee.fr\\\/wp-content\\\/uploads\\\/2023\\\/03\\\/Carre-dAurillac.jpg\",\"width\":1000,\"height\":667,\"caption\":\"Photo d'un carr\u00e9 d'aurillac coup\u00e9 en deux. Un fromage cr\u00e9meux, fondant, doux en bouche\"},{\"@type\":\"BreadcrumbList\",\"@id\":\"https:\\\/\\\/laffinee.fr\\\/index.php\\\/produit\\\/carre-daurillac\\\/#breadcrumb\",\"itemListElement\":[{\"@type\":\"ListItem\",\"position\":1,\"name\":\"Accueil\",\"item\":\"https:\\\/\\\/laffinee.fr\\\/\"},{\"@type\":\"ListItem\",\"position\":2,\"name\":\"Produits\",\"item\":\"https:\\\/\\\/laffinee.fr\\\/index.php\\\/shop\\\/\"},{\"@type\":\"ListItem\",\"position\":3,\"name\":\"Carr\u00e9 d&rsquo;Aurillac\"}]},{\"@type\":\"WebSite\",\"@id\":\"https:\\\/\\\/laffinee.fr\\\/#website\",\"url\":\"https:\\\/\\\/laffinee.fr\\\/\",\"name\":\"L'affin\u00e9e\",\"description\":\"laffin\u00e9e\",\"publisher\":{\"@id\":\"https:\\\/\\\/laffinee.fr\\\/#organization\"},\"potentialAction\":[{\"@type\":\"SearchAction\",\"target\":{\"@type\":\"EntryPoint\",\"urlTemplate\":\"https:\\\/\\\/laffinee.fr\\\/?s={search_term_string}\"},\"query-input\":{\"@type\":\"PropertyValueSpecification\",\"valueRequired\":true,\"valueName\":\"search_term_string\"}}],\"inLanguage\":\"fr-FR\"},{\"@type\":\"Organization\",\"@id\":\"https:\\\/\\\/laffinee.fr\\\/#organization\",\"name\":\"L'affin\u00e9e\",\"url\":\"https:\\\/\\\/laffinee.fr\\\/\",\"logo\":{\"@type\":\"ImageObject\",\"inLanguage\":\"fr-FR\",\"@id\":\"https:\\\/\\\/laffinee.fr\\\/#\\\/schema\\\/logo\\\/image\\\/\",\"url\":\"https:\\\/\\\/laffinee.fr\\\/wp-content\\\/uploads\\\/2022\\\/12\\\/cropped-Capture-decran-2022-12-29-a-11.41.14.png\",\"contentUrl\":\"https:\\\/\\\/laffinee.fr\\\/wp-content\\\/uploads\\\/2022\\\/12\\\/cropped-Capture-decran-2022-12-29-a-11.41.14.png\",\"width\":1232,\"height\":352,\"caption\":\"L'affin\u00e9e\"},\"image\":{\"@id\":\"https:\\\/\\\/laffinee.fr\\\/#\\\/schema\\\/logo\\\/image\\\/\"},\"sameAs\":[\"https:\\\/\\\/www.facebook.com\\\/laffinee?locale=fr_FR\",\"https:\\\/\\\/www.instagram.com\\\/laffineefromagerie\\\/\"]}]}<\/script>\n<!-- \/ Yoast SEO plugin. -->","yoast_head_json":{"title":"Carr\u00e9 d'Aurillac - L'Affin\u00e9e Fromagerie","description":"Le plus doux des bleus ! Un fromage moelleux, un go\u00fbt accessible, une cro\u00fbte fine et fleurie. Produit \u00e0 Saint-Flour, dans le Cantal.","robots":{"index":"index","follow":"follow","max-snippet":"max-snippet:-1","max-image-preview":"max-image-preview:large","max-video-preview":"max-video-preview:-1"},"canonical":"https:\/\/laffinee.fr\/index.php\/produit\/carre-daurillac\/","og_locale":"fr_FR","og_type":"article","og_title":"Carr\u00e9 d'Aurillac - L'Affin\u00e9e Fromagerie","og_description":"Le plus doux des bleus ! Un fromage moelleux, un go\u00fbt accessible, une cro\u00fbte fine et fleurie. Produit \u00e0 Saint-Flour, dans le Cantal.","og_url":"https:\/\/laffinee.fr\/index.php\/produit\/carre-daurillac\/","og_site_name":"L&#039;affin\u00e9e","article_publisher":"https:\/\/www.facebook.com\/laffinee?locale=fr_FR","article_modified_time":"2026-09-02T09:49:53+00:00","og_image":[{"width":1000,"height":667,"url":"https:\/\/laffinee.fr\/wp-content\/uploads\/2023\/03\/Carre-dAurillac.jpg","type":"image\/jpeg"}],"twitter_card":"summary_large_image","twitter_misc":{"Dur\u00e9e de lecture estim\u00e9e":"1 minute"},"schema":{"@context":"https:\/\/schema.org","@graph":[{"@type":"WebPage","@id":"https:\/\/laffinee.fr\/index.php\/produit\/carre-daurillac\/","url":"https:\/\/laffinee.fr\/index.php\/produit\/carre-daurillac\/","name":"Carr\u00e9 d'Aurillac - L'Affin\u00e9e Fromagerie","isPartOf":{"@id":"https:\/\/laffinee.fr\/#website"},"primaryImageOfPage":{"@id":"https:\/\/laffinee.fr\/index.php\/produit\/carre-daurillac\/#primaryimage"},"image":{"@id":"https:\/\/laffinee.fr\/index.php\/produit\/carre-daurillac\/#primaryimage"},"thumbnailUrl":"https:\/\/laffinee.fr\/wp-content\/uploads\/2023\/03\/Carre-dAurillac.jpg","datePublished":"2023-02-07T09:56:56+00:00","dateModified":"2026-09-02T09:49:53+00:00","description":"Le plus doux des bleus ! Un fromage moelleux, un go\u00fbt accessible, une cro\u00fbte fine et fleurie. Produit \u00e0 Saint-Flour, dans le Cantal.","breadcrumb":{"@id":"https:\/\/laffinee.fr\/index.php\/produit\/carre-daurillac\/#breadcrumb"},"inLanguage":"fr-FR","potentialAction":[{"@type":"ReadAction","target":["https:\/\/laffinee.fr\/index.php\/produit\/carre-daurillac\/"]}]},{"@type":"ImageObject","inLanguage":"fr-FR","@id":"https:\/\/laffinee.fr\/index.php\/produit\/carre-daurillac\/#primaryimage","url":"https:\/\/laffinee.fr\/wp-content\/uploads\/2023\/03\/Carre-dAurillac.jpg","contentUrl":"https:\/\/laffinee.fr\/wp-content\/uploads\/2023\/03\/Carre-dAurillac.jpg","width":1000,"height":667,"caption":"Photo d'un carr\u00e9 d'aurillac coup\u00e9 en deux. Un fromage cr\u00e9meux, fondant, doux en bouche"},{"@type":"BreadcrumbList","@id":"https:\/\/laffinee.fr\/index.php\/produit\/carre-daurillac\/#breadcrumb","itemListElement":[{"@type":"ListItem","position":1,"name":"Accueil","item":"https:\/\/laffinee.fr\/"},{"@type":"ListItem","position":2,"name":"Produits","item":"https:\/\/laffinee.fr\/index.php\/shop\/"},{"@type":"ListItem","position":3,"name":"Carr\u00e9 d&rsquo;Aurillac"}]},{"@type":"WebSite","@id":"https:\/\/laffinee.fr\/#website","url":"https:\/\/laffinee.fr\/","name":"L'affin\u00e9e","description":"laffin\u00e9e","publisher":{"@id":"https:\/\/laffinee.fr\/#organization"},"potentialAction":[{"@type":"SearchAction","target":{"@type":"EntryPoint","urlTemplate":"https:\/\/laffinee.fr\/?s={search_term_string}"},"query-input":{"@type":"PropertyValueSpecification","valueRequired":true,"valueName":"search_term_string"}}],"inLanguage":"fr-FR"},{"@type":"Organization","@id":"https:\/\/laffinee.fr\/#organization","name":"L'affin\u00e9e","url":"https:\/\/laffinee.fr\/","logo":{"@type":"ImageObject","inLanguage":"fr-FR","@id":"https:\/\/laffinee.fr\/#\/schema\/logo\/image\/","url":"https:\/\/laffinee.fr\/wp-content\/uploads\/2022\/12\/cropped-Capture-decran-2022-12-29-a-11.41.14.png","contentUrl":"https:\/\/laffinee.fr\/wp-content\/uploads\/2022\/12\/cropped-Capture-decran-2022-12-29-a-11.41.14.png","width":1232,"height":352,"caption":"L'affin\u00e9e"},"image":{"@id":"https:\/\/laffinee.fr\/#\/schema\/logo\/image\/"},"sameAs":["https:\/\/www.facebook.com\/laffinee?locale=fr_FR","https:\/\/www.instagram.com\/laffineefromagerie\/"]}]}},"jetpack_sharing_enabled":true,"_links":{"self":[{"href":"https:\/\/laffinee.fr\/index.php\/wp-json\/wp\/v2\/product\/1910","targetHints":{"allow":["GET"]}}],"collection":[{"href":"https:\/\/laffinee.fr\/index.php\/wp-json\/wp\/v2\/product"}],"about":[{"href":"https:\/\/laffinee.fr\/index.php\/wp-json\/wp\/v2\/types\/product"}],"replies":[{"embeddable":true,"href":"https:\/\/laffinee.fr\/index.php\/wp-json\/wp\/v2\/comments?post=1910"}],"wp:featuredmedia":[{"embeddable":true,"href":"https:\/\/laffinee.fr\/index.php\/wp-json\/wp\/v2\/media\/2766"}],"wp:attachment":[{"href":"https:\/\/laffinee.fr\/index.php\/wp-json\/wp\/v2\/media?parent=1910"}],"wp:term":[{"taxonomy":"product_brand","embeddable":true,"href":"https:\/\/laffinee.fr\/index.php\/wp-json\/wp\/v2\/product_brand?post=1910"},{"taxonomy":"product_cat","embeddable":true,"href":"https:\/\/laffinee.fr\/index.php\/wp-json\/wp\/v2\/product_cat?post=1910"},{"taxonomy":"product_tag","embeddable":true,"href":"https:\/\/laffinee.fr\/index.php\/wp-json\/wp\/v2\/product_tag?post=1910"}],"curies":[{"name":"wp","href":"https:\/\/api.w.org\/{rel}","templated":true}]}}